{"id":69705,"date":"2025-11-06T12:46:07","date_gmt":"2025-11-06T15:46:07","guid":{"rendered":"https:\/\/nigroequipamentos.com.br\/conteudo\/empilhadeira-retratil-paletrans-pr2013i-eficiencia-e-inovacao-para-seu-armazem\/"},"modified":"2025-11-06T12:46:07","modified_gmt":"2025-11-06T15:46:07","slug":"empilhadeira-retratil-paletrans-pr2013i-eficiencia-e-inovacao-para-seu-armazem","status":"publish","type":"page","link":"https:\/\/nigroequipamentos.com.br\/conteudo\/empilhadeira-retratil-paletrans-pr2013i-eficiencia-e-inovacao-para-seu-armazem\/","title":{"rendered":"Empilhadeira Retr\u00e1til Paletrans PR2013i: Efici\u00eancia e Inova\u00e7\u00e3o para Seu Armaz\u00e9m"},"content":{"rendered":"<p>Conhe\u00e7a a empilhadeira retr\u00e1til Paletrans PR2013i, uma solu\u00e7\u00e3o ideal para otimiza\u00e7\u00e3o de espa\u00e7o e aumento da efici\u00eancia em armaz\u00e9ns. Com pot\u00eancia incompar\u00e1vel e design compacto, a Paletrans PR2013i se destaca pela sua capacidade de manobra, tornando-se o equipamento essencial para opera\u00e7\u00f5es que exigem agilidade e precis\u00e3o. Com essa empilhadeira, sua equipe pode carregar, descarregar e organizar paletes com facilidade, aproveitando ao m\u00e1ximo cada cent\u00edmetro do seu espa\u00e7o. Se voc\u00ea busca performance e confiabilidade, a Paletrans PR2013i \u00e9 a escolha certa. N\u00e3o perca tempo e venha descobrir como a Nigro Equipamentos pode torn\u00e1-lo mais produtivo com nossa linha de empilhadeiras retr\u00e1teis.<\/p>\n","protected":false},"excerpt":{"rendered":"<p>Conhe\u00e7a a empilhadeira retr\u00e1til Paletrans PR2013i, uma solu\u00e7\u00e3o ideal para otimiza\u00e7\u00e3o de espa\u00e7o e aumento da efici\u00eancia em armaz\u00e9ns. Com pot\u00eancia incompar\u00e1vel e design compacto, a Paletrans PR2013i se destaca pela sua capacidade de manobra, tornando-se o equipamento essencial para opera\u00e7\u00f5es que exigem agilidade e precis\u00e3o. Com essa empilhadeira, sua equipe pode carregar, descarregar e&hellip;&nbsp;<a href=\"https:\/\/nigroequipamentos.com.br\/conteudo\/empilhadeira-retratil-paletrans-pr2013i-eficiencia-e-inovacao-para-seu-armazem\/\" class=\"\" rel=\"bookmark\">Continue a ler &raquo;<span class=\"screen-reader-text\">Empilhadeira Retr\u00e1til Paletrans PR2013i: Efici\u00eancia e Inova\u00e7\u00e3o para Seu Armaz\u00e9m<\/span><\/a><\/p>\n","protected":false},"author":3,"featured_media":0,"parent":0,"menu_order":0,"comment_status":"closed","ping_status":"closed","template":"","meta":{"_acf_changed":false,"_yoast_wpseo_focuskw":"Empilhadeira Retr\u00e1til Paletrans PR2013i","_yoast_wpseo_title":"Empilhadeira Retr\u00e1til Paletrans PR2013i: A Solu\u00e7\u00e3o Para Seu Armaz\u00e9m","_yoast_wpseo_metadesc":"Descubra a efici\u00eancia e os benef\u00edcios da Empilhadeira Retr\u00e1til Paletrans PR2013i. A melhor escolha para o seu armaz\u00e9m!","neve_meta_sidebar":"","neve_meta_container":"","neve_meta_enable_content_width":"","neve_meta_content_width":0,"neve_meta_title_alignment":"","neve_meta_author_avatar":"","neve_post_elements_order":"","neve_meta_disable_header":"","neve_meta_disable_footer":"","neve_meta_disable_title":"","footnotes":""},"class_list":["post-69705","page","type-page","status-publish","hentry"],"acf":{"bloco1title":"Experi\u00eancia Comprovada","bloco1text":"A Nigro Equipamentos possui anos de experi\u00eancia na venda e manuten\u00e7\u00e3o de equipamentos, oferecendo confian\u00e7a aos nossos clientes.","bloco2title":"Manuten\u00e7\u00e3o Especializada","bloco2text":"Contamos com profissionais qualificados para garantir o pleno funcionamento da sua empilhadeira retr\u00e1til Paletrans PR2013i.","bloco3title":"Pot\u00eancia e Versatilidade","bloco3text":"A empilhadeira retr\u00e1til Paletrans PR2013i combina pot\u00eancia e versatilidade, ideal para trabalhos em ambientes com espa\u00e7o limitado.","posttitle":"Benef\u00edcios da Empilhadeira Retr\u00e1til Paletrans PR2013i para a Ind\u00fastria","postcontent":"<strong>Aumente sua Produtividade com a Paletrans PR2013i<\/strong>\n\nA empilhadeira retr\u00e1til Paletrans PR2013i foi concebida para oferecer a m\u00e1xima efici\u00eancia em opera\u00e7\u00f5es de movimenta\u00e7\u00e3o de cargas. Com uma capacidade de eleva\u00e7\u00e3o robusta, essa empilhadeira atende \u00e0s exig\u00eancias de ind\u00fastrias de diversos setores.\n\nUm dos maiores diferenciais da Paletrans PR2013i \u00e9 sua capacidade de operar em corredores estreitos, tornando-se a op\u00e7\u00e3o ideal para armaz\u00e9ns com espa\u00e7o limitado. Al\u00e9m disso, sua estrutura leve permite uma opera\u00e7\u00e3o mais r\u00e1pida e segura, reduzindo o tempo gasto em manobras.\n\nCom tecnologia de ponta, a empilhadeira retr\u00e1til Paletrans PR2013i proporciona n\u00e3o s\u00f3 desempenho, mas tamb\u00e9m seguran\u00e7a aos operadores. Equipado com sistemas de seguran\u00e7a avan\u00e7ados, este modelo minimiza os riscos de acidentes durante o manuseio.\n\nA Nigro Equipamentos se destaca n\u00e3o apenas na venda, mas tamb\u00e9m na loca\u00e7\u00e3o e manuten\u00e7\u00e3o de empilhadeiras como a Paletrans PR2013i. Oferecemos planos personalizados que atendem \u00e0s suas necessidades espec\u00edficas, garantindo que sua empilhadeira esteja sempre em perfeito estado de funcionamento.\n\nEscolha a Nigro Equipamentos como seu parceiro ideal na aquisi\u00e7\u00e3o e manuten\u00e7\u00e3o da sua empilhadeira retr\u00e1til Paletrans PR2013i.","insightwidtitle":"Curiosidades sobre a PR2013i","insightwidcontent":"Voc\u00ea sabia que a empilhadeira retr\u00e1til Paletrans PR2013i foi projetada para otimizar espa\u00e7os de armazenamento? Sua capacidade de operar em corredores estreitos pode aumentar a efici\u00eancia do seu armaz\u00e9m em at\u00e9 30%. Al\u00e9m disso, a Paletrans PR2013i vem equipada com tecnologia de ponta que garante seguran\u00e7a e precis\u00e3o em cada manobra."},"yoast_head":"<!-- This site is optimized with the Yoast SEO Premium plugin v18.3 (Yoast SEO v23.4) - https:\/\/yoast.com\/wordpress\/plugins\/seo\/ -->\n<title>Empilhadeira Retr\u00e1til Paletrans PR2013i: A Solu\u00e7\u00e3o Para Seu Armaz\u00e9m<\/title>\n<meta name=\"description\" content=\"Descubra a efici\u00eancia e os benef\u00edcios da Empilhadeira Retr\u00e1til Paletrans PR2013i. A melhor escolha para o seu armaz\u00e9m!\" \/>\n<meta name=\"robots\" content=\"index, follow, max-snippet:-1, max-image-preview:large, max-video-preview:-1\" \/>\n<link rel=\"canonical\" href=\"https:\/\/nigroequipamentos.com.br\/conteudo\/empilhadeira-retratil-paletrans-pr2013i-eficiencia-e-inovacao-para-seu-armazem\/\" \/>\n<meta property=\"og:locale\" content=\"pt_BR\" \/>\n<meta property=\"og:type\" content=\"article\" \/>\n<meta property=\"og:title\" content=\"Empilhadeira Retr\u00e1til Paletrans PR2013i: Efici\u00eancia e Inova\u00e7\u00e3o para Seu Armaz\u00e9m\" \/>\n<meta property=\"og:description\" content=\"Descubra a efici\u00eancia e os benef\u00edcios da Empilhadeira Retr\u00e1til Paletrans PR2013i. A melhor escolha para o seu armaz\u00e9m!\" \/>\n<meta property=\"og:url\" content=\"https:\/\/nigroequipamentos.com.br\/conteudo\/empilhadeira-retratil-paletrans-pr2013i-eficiencia-e-inovacao-para-seu-armazem\/\" \/>\n<meta property=\"og:site_name\" content=\"Nigro Equipamentos\" \/>\n<meta property=\"article:publisher\" content=\"https:\/\/www.facebook.com\/nigroequipamentos\" \/>\n<meta name=\"twitter:card\" content=\"summary_large_image\" \/>\n<meta name=\"twitter:label1\" content=\"Est. tempo de leitura\" \/>\n\t<meta name=\"twitter:data1\" content=\"1 minuto\" \/>\n<script type=\"application\/ld+json\" class=\"yoast-schema-graph\">{\"@context\":\"https:\/\/schema.org\",\"@graph\":[{\"@type\":\"WebPage\",\"@id\":\"https:\/\/nigroequipamentos.com.br\/conteudo\/empilhadeira-retratil-paletrans-pr2013i-eficiencia-e-inovacao-para-seu-armazem\/\",\"url\":\"https:\/\/nigroequipamentos.com.br\/conteudo\/empilhadeira-retratil-paletrans-pr2013i-eficiencia-e-inovacao-para-seu-armazem\/\",\"name\":\"Empilhadeira Retr\u00e1til Paletrans PR2013i: A Solu\u00e7\u00e3o Para Seu Armaz\u00e9m\",\"isPartOf\":{\"@id\":\"https:\/\/nigroequipamentos.com.br\/conteudo\/#website\"},\"datePublished\":\"2025-11-06T15:46:07+00:00\",\"dateModified\":\"2025-11-06T15:46:07+00:00\",\"description\":\"Descubra a efici\u00eancia e os benef\u00edcios da Empilhadeira Retr\u00e1til Paletrans PR2013i. A melhor escolha para o seu armaz\u00e9m!\",\"breadcrumb\":{\"@id\":\"https:\/\/nigroequipamentos.com.br\/conteudo\/empilhadeira-retratil-paletrans-pr2013i-eficiencia-e-inovacao-para-seu-armazem\/#breadcrumb\"},\"inLanguage\":\"pt-BR\",\"potentialAction\":[{\"@type\":\"ReadAction\",\"target\":[\"https:\/\/nigroequipamentos.com.br\/conteudo\/empilhadeira-retratil-paletrans-pr2013i-eficiencia-e-inovacao-para-seu-armazem\/\"]}]},{\"@type\":\"BreadcrumbList\",\"@id\":\"https:\/\/nigroequipamentos.com.br\/conteudo\/empilhadeira-retratil-paletrans-pr2013i-eficiencia-e-inovacao-para-seu-armazem\/#breadcrumb\",\"itemListElement\":[{\"@type\":\"ListItem\",\"position\":1,\"name\":\"In\u00edcio\",\"item\":\"https:\/\/nigroequipamentos.com.br\/conteudo\/\"},{\"@type\":\"ListItem\",\"position\":2,\"name\":\"Empilhadeira Retr\u00e1til Paletrans PR2013i: Efici\u00eancia e Inova\u00e7\u00e3o para Seu Armaz\u00e9m\"}]},{\"@type\":\"WebSite\",\"@id\":\"https:\/\/nigroequipamentos.com.br\/conteudo\/#website\",\"url\":\"https:\/\/nigroequipamentos.com.br\/conteudo\/\",\"name\":\"Nigro Equipamentos\",\"description\":\"Loca\u00e7\u00e3o e Vendas\",\"publisher\":{\"@id\":\"https:\/\/nigroequipamentos.com.br\/conteudo\/#organization\"},\"potentialAction\":[{\"@type\":\"SearchAction\",\"target\":{\"@type\":\"EntryPoint\",\"urlTemplate\":\"https:\/\/nigroequipamentos.com.br\/conteudo\/?s={search_term_string}\"},\"query-input\":{\"@type\":\"PropertyValueSpecification\",\"valueRequired\":true,\"valueName\":\"search_term_string\"}}],\"inLanguage\":\"pt-BR\"},{\"@type\":\"Organization\",\"@id\":\"https:\/\/nigroequipamentos.com.br\/conteudo\/#organization\",\"name\":\"Nigro Equipamentos\",\"url\":\"https:\/\/nigroequipamentos.com.br\/conteudo\/\",\"logo\":{\"@type\":\"ImageObject\",\"inLanguage\":\"pt-BR\",\"@id\":\"https:\/\/nigroequipamentos.com.br\/conteudo\/#\/schema\/logo\/image\/\",\"url\":\"https:\/\/nigroequipamentos.com.br\/conteudo\/wp-content\/uploads\/2024\/10\/nigroequipamentos_logo.webp\",\"contentUrl\":\"https:\/\/nigroequipamentos.com.br\/conteudo\/wp-content\/uploads\/2024\/10\/nigroequipamentos_logo.webp\",\"width\":785,\"height\":355,\"caption\":\"Nigro Equipamentos\"},\"image\":{\"@id\":\"https:\/\/nigroequipamentos.com.br\/conteudo\/#\/schema\/logo\/image\/\"},\"sameAs\":[\"https:\/\/www.facebook.com\/nigroequipamentos\",\"https:\/\/www.instagram.com\/nigroequipamentos\/\"]}]}<\/script>\n<!-- \/ Yoast SEO Premium plugin. -->","yoast_head_json":{"title":"Empilhadeira Retr\u00e1til Paletrans PR2013i: A Solu\u00e7\u00e3o Para Seu Armaz\u00e9m","description":"Descubra a efici\u00eancia e os benef\u00edcios da Empilhadeira Retr\u00e1til Paletrans PR2013i. A melhor escolha para o seu armaz\u00e9m!","robots":{"index":"index","follow":"follow","max-snippet":"max-snippet:-1","max-image-preview":"max-image-preview:large","max-video-preview":"max-video-preview:-1"},"canonical":"https:\/\/nigroequipamentos.com.br\/conteudo\/empilhadeira-retratil-paletrans-pr2013i-eficiencia-e-inovacao-para-seu-armazem\/","og_locale":"pt_BR","og_type":"article","og_title":"Empilhadeira Retr\u00e1til Paletrans PR2013i: Efici\u00eancia e Inova\u00e7\u00e3o para Seu Armaz\u00e9m","og_description":"Descubra a efici\u00eancia e os benef\u00edcios da Empilhadeira Retr\u00e1til Paletrans PR2013i. A melhor escolha para o seu armaz\u00e9m!","og_url":"https:\/\/nigroequipamentos.com.br\/conteudo\/empilhadeira-retratil-paletrans-pr2013i-eficiencia-e-inovacao-para-seu-armazem\/","og_site_name":"Nigro Equipamentos","article_publisher":"https:\/\/www.facebook.com\/nigroequipamentos","twitter_card":"summary_large_image","twitter_misc":{"Est. tempo de leitura":"1 minuto"},"schema":{"@context":"https:\/\/schema.org","@graph":[{"@type":"WebPage","@id":"https:\/\/nigroequipamentos.com.br\/conteudo\/empilhadeira-retratil-paletrans-pr2013i-eficiencia-e-inovacao-para-seu-armazem\/","url":"https:\/\/nigroequipamentos.com.br\/conteudo\/empilhadeira-retratil-paletrans-pr2013i-eficiencia-e-inovacao-para-seu-armazem\/","name":"Empilhadeira Retr\u00e1til Paletrans PR2013i: A Solu\u00e7\u00e3o Para Seu Armaz\u00e9m","isPartOf":{"@id":"https:\/\/nigroequipamentos.com.br\/conteudo\/#website"},"datePublished":"2025-11-06T15:46:07+00:00","dateModified":"2025-11-06T15:46:07+00:00","description":"Descubra a efici\u00eancia e os benef\u00edcios da Empilhadeira Retr\u00e1til Paletrans PR2013i. A melhor escolha para o seu armaz\u00e9m!","breadcrumb":{"@id":"https:\/\/nigroequipamentos.com.br\/conteudo\/empilhadeira-retratil-paletrans-pr2013i-eficiencia-e-inovacao-para-seu-armazem\/#breadcrumb"},"inLanguage":"pt-BR","potentialAction":[{"@type":"ReadAction","target":["https:\/\/nigroequipamentos.com.br\/conteudo\/empilhadeira-retratil-paletrans-pr2013i-eficiencia-e-inovacao-para-seu-armazem\/"]}]},{"@type":"BreadcrumbList","@id":"https:\/\/nigroequipamentos.com.br\/conteudo\/empilhadeira-retratil-paletrans-pr2013i-eficiencia-e-inovacao-para-seu-armazem\/#breadcrumb","itemListElement":[{"@type":"ListItem","position":1,"name":"In\u00edcio","item":"https:\/\/nigroequipamentos.com.br\/conteudo\/"},{"@type":"ListItem","position":2,"name":"Empilhadeira Retr\u00e1til Paletrans PR2013i: Efici\u00eancia e Inova\u00e7\u00e3o para Seu Armaz\u00e9m"}]},{"@type":"WebSite","@id":"https:\/\/nigroequipamentos.com.br\/conteudo\/#website","url":"https:\/\/nigroequipamentos.com.br\/conteudo\/","name":"Nigro Equipamentos","description":"Loca\u00e7\u00e3o e Vendas","publisher":{"@id":"https:\/\/nigroequipamentos.com.br\/conteudo\/#organization"},"potentialAction":[{"@type":"SearchAction","target":{"@type":"EntryPoint","urlTemplate":"https:\/\/nigroequipamentos.com.br\/conteudo\/?s={search_term_string}"},"query-input":{"@type":"PropertyValueSpecification","valueRequired":true,"valueName":"search_term_string"}}],"inLanguage":"pt-BR"},{"@type":"Organization","@id":"https:\/\/nigroequipamentos.com.br\/conteudo\/#organization","name":"Nigro Equipamentos","url":"https:\/\/nigroequipamentos.com.br\/conteudo\/","logo":{"@type":"ImageObject","inLanguage":"pt-BR","@id":"https:\/\/nigroequipamentos.com.br\/conteudo\/#\/schema\/logo\/image\/","url":"https:\/\/nigroequipamentos.com.br\/conteudo\/wp-content\/uploads\/2024\/10\/nigroequipamentos_logo.webp","contentUrl":"https:\/\/nigroequipamentos.com.br\/conteudo\/wp-content\/uploads\/2024\/10\/nigroequipamentos_logo.webp","width":785,"height":355,"caption":"Nigro Equipamentos"},"image":{"@id":"https:\/\/nigroequipamentos.com.br\/conteudo\/#\/schema\/logo\/image\/"},"sameAs":["https:\/\/www.facebook.com\/nigroequipamentos","https:\/\/www.instagram.com\/nigroequipamentos\/"]}]}},"_links":{"self":[{"href":"https:\/\/nigroequipamentos.com.br\/conteudo\/wp-json\/wp\/v2\/pages\/69705","targetHints":{"allow":["GET"]}}],"collection":[{"href":"https:\/\/nigroequipamentos.com.br\/conteudo\/wp-json\/wp\/v2\/pages"}],"about":[{"href":"https:\/\/nigroequipamentos.com.br\/conteudo\/wp-json\/wp\/v2\/types\/page"}],"author":[{"embeddable":true,"href":"https:\/\/nigroequipamentos.com.br\/conteudo\/wp-json\/wp\/v2\/users\/3"}],"replies":[{"embeddable":true,"href":"https:\/\/nigroequipamentos.com.br\/conteudo\/wp-json\/wp\/v2\/comments?post=69705"}],"version-history":[{"count":0,"href":"https:\/\/nigroequipamentos.com.br\/conteudo\/wp-json\/wp\/v2\/pages\/69705\/revisions"}],"wp:attachment":[{"href":"https:\/\/nigroequipamentos.com.br\/conteudo\/wp-json\/wp\/v2\/media?parent=69705"}],"curies":[{"name":"wp","href":"https:\/\/api.w.org\/{rel}","templated":true}]}}